{"version":"1.0","provider_name":"Vigo","provider_url":"https:\/\/vigo-avocats.com\/en\/","author_name":"Emmanuel Daoud","author_url":"https:\/\/vigo-avocats.com\/en\/author\/emmanuel-daoud\/","title":"La responsabilit\u00e9 p\u00e9nale des multinationales - Vigo","type":"rich","width":600,"height":338,"html":"<blockquote class=\"wp-embedded-content\" data-secret=\"lWihhU9KQt\"><a href=\"https:\/\/vigo-avocats.com\/en\/legal-news\/la-responsabilite-penale-des-multinationales\/\">La responsabilit\u00e9 p\u00e9nale des multinationales<\/a><\/blockquote><iframe sandbox=\"allow-scripts\" security=\"restricted\" src=\"https:\/\/vigo-avocats.com\/en\/legal-news\/la-responsabilite-penale-des-multinationales\/embed\/#?secret=lWihhU9KQt\" width=\"600\" height=\"338\" title=\"&#8220;La responsabilit\u00e9 p\u00e9nale des multinationales&#8221; &#8212; Vigo\" data-secret=\"lWihhU9KQt\" frameborder=\"0\" marginwidth=\"0\" marginheight=\"0\" scrolling=\"no\" class=\"wp-embedded-content\"><\/iframe><script type=\"text\/javascript\">\n\/* <![CDATA[ *\/\n\/*! This file is auto-generated *\/\n!function(d,l){\"use strict\";l.querySelector&&d.addEventListener&&\"undefined\"!=typeof URL&&(d.wp=d.wp||{},d.wp.receiveEmbedMessage||(d.wp.receiveEmbedMessage=function(e){var t=e.data;if((t||t.secret||t.message||t.value)&&!\/[^a-zA-Z0-9]\/.test(t.secret)){for(var s,r,n,a=l.querySelectorAll('iframe[data-secret=\"'+t.secret+'\"]'),o=l.querySelectorAll('blockquote[data-secret=\"'+t.secret+'\"]'),c=new RegExp(\"^https?:$\",\"i\"),i=0;i<o.length;i++)o[i].style.display=\"none\";for(i=0;i<a.length;i++)s=a[i],e.source===s.contentWindow&&(s.removeAttribute(\"style\"),\"height\"===t.message?(1e3<(r=parseInt(t.value,10))?r=1e3:~~r<200&&(r=200),s.height=r):\"link\"===t.message&&(r=new URL(s.getAttribute(\"src\")),n=new URL(t.value),c.test(n.protocol))&&n.host===r.host&&l.activeElement===s&&(d.top.location.href=t.value))}},d.addEventListener(\"message\",d.wp.receiveEmbedMessage,!1),l.addEventListener(\"DOMContentLoaded\",function(){for(var e,t,s=l.querySelectorAll(\"iframe.wp-embedded-content\"),r=0;r<s.length;r++)(t=(e=s[r]).getAttribute(\"data-secret\"))||(t=Math.random().toString(36).substring(2,12),e.src+=\"#?secret=\"+t,e.setAttribute(\"data-secret\",t)),e.contentWindow.postMessage({message:\"ready\",secret:t},\"*\")},!1)))}(window,document);\n\/* ]]> *\/\n<\/script>\n","description":"L&#8217;actualit\u00e9\u00a0 r\u00e9cente s&#8217;invite \u00e0\u00a0 s&#8217;int\u00e9resser aux contours de la responsabilit\u00e9 p\u00e9nale des entreprises transnationales (ETN). La r\u00e9ouverture de la proc\u00e9dure contre Rio Tinto pour des faits de g\u00e9nocides et crimes de guerre en Papouasie Nouvelle-Guin\u00e9e illustre le risque r\u00e9el pour les ETN de voir leur responsabilit\u00e9 engag\u00e9e pour des actes commis par leurs filiales \u00e0 [&hellip;]"}