{"id":18846,"date":"2021-02-23T11:23:40","date_gmt":"2021-02-23T10:23:40","guid":{"rendered":"http:\/\/vigo-avocats.com\/all-news\/publications\/"},"modified":"2021-03-01T12:45:01","modified_gmt":"2021-03-01T11:45:01","slug":"publications","status":"publish","type":"page","link":"https:\/\/vigo-avocats.com\/en\/all-news\/publications\/","title":{"rendered":"Publications"},"content":{"rendered":"\t\t<div data-elementor-type=\"wp-page\" data-elementor-id=\"18846\" class=\"elementor elementor-18846 elementor-17255\" data-elementor-post-type=\"page\">\n\t\t\t\t\t\t<section class=\"elementor-section elementor-top-section elementor-element elementor-element-7eb7a29 filariane elementor-section-boxed elementor-section-height-default elementor-section-height-default qodef-elementor-content-no\" data-id=\"7eb7a29\" data-element_type=\"section\">\n\t\t\t\t\t\t<div class=\"elementor-container elementor-column-gap-default\">\n\t\t\t\t\t<div class=\"elementor-column elementor-col-100 elementor-top-column elementor-element elementor-element-1b05633\" data-id=\"1b05633\" data-element_type=\"column\">\n\t\t\t<div class=\"elementor-widget-wrap elementor-element-populated\">\n\t\t\t\t\t\t<div class=\"elementor-element elementor-element-c66f13c elementor-align-left elementor-widget elementor-widget-breadcrumbs\" data-id=\"c66f13c\" data-element_type=\"widget\" data-widget_type=\"breadcrumbs.default\">\n\t\t\t\t<div class=\"elementor-widget-container\">\n\t\t\t\t\t<div id=\"breadcrumbs\"><span><span><a href=\"https:\/\/vigo-avocats.com\/en\/\">Accueil<\/a><\/span><\/span><\/div>\t\t\t\t<\/div>\n\t\t\t\t<\/div>\n\t\t\t\t\t<\/div>\n\t\t<\/div>\n\t\t\t\t\t<\/div>\n\t\t<\/section>\n\t\t\t\t<section class=\"elementor-section elementor-top-section elementor-element elementor-element-b8c5502 elementor-section-boxed elementor-section-height-default elementor-section-height-default qodef-elementor-content-no\" data-id=\"b8c5502\" data-element_type=\"section\">\n\t\t\t\t\t\t<div class=\"elementor-container elementor-column-gap-default\">\n\t\t\t\t\t<div class=\"elementor-column elementor-col-100 elementor-top-column elementor-element elementor-element-9105fee\" data-id=\"9105fee\" data-element_type=\"column\">\n\t\t\t<div class=\"elementor-widget-wrap elementor-element-populated\">\n\t\t\t\t\t\t<div class=\"elementor-element elementor-element-7782861 elementor-widget__width-initial elementor-widget-tablet__width-inherit elementor-widget elementor-widget-borgholm_core_section_title\" data-id=\"7782861\" data-element_type=\"widget\" data-widget_type=\"borgholm_core_section_title.default\">\n\t\t\t\t<div class=\"elementor-widget-container\">\n\t\t\t\t\t<div class=\"qodef-shortcode qodef-m  qodef-section-title qodef-alignment--left   qodef-animate-special-style\">\n\t\t\t<h1 class=\"qodef-m-title\" >\n\t\t\t\t\tOur <span class=\"qodef-special-style\">publications<\/span>\t\t\t<\/h1>\n\t\t<\/div>\t\t\t\t<\/div>\n\t\t\t\t<\/div>\n\t\t\t\t\t<\/div>\n\t\t<\/div>\n\t\t\t\t\t<\/div>\n\t\t<\/section>\n\t\t\t\t<section class=\"elementor-section elementor-top-section elementor-element elementor-element-aa3af39 elementor-section-boxed elementor-section-height-default elementor-section-height-default qodef-elementor-content-no\" data-id=\"aa3af39\" data-element_type=\"section\">\n\t\t\t\t\t\t<div class=\"elementor-container elementor-column-gap-default\">\n\t\t\t\t\t<div class=\"elementor-column elementor-col-100 elementor-top-column elementor-element elementor-element-0d24db6\" data-id=\"0d24db6\" data-element_type=\"column\">\n\t\t\t<div class=\"elementor-widget-wrap elementor-element-populated\">\n\t\t\t\t\t\t<div class=\"elementor-element elementor-element-d151655 elementor-grid-2 elementor-grid-tablet-2 elementor-grid-mobile-1 elementor-posts--thumbnail-top elementor-widget elementor-widget-posts\" data-id=\"d151655\" data-element_type=\"widget\" data-settings=\"{&quot;classic_columns&quot;:&quot;2&quot;,&quot;pagination_type&quot;:&quot;numbers_and_prev_next&quot;,&quot;classic_row_gap&quot;:{&quot;unit&quot;:&quot;px&quot;,&quot;size&quot;:60,&quot;sizes&quot;:[]},&quot;classic_columns_tablet&quot;:&quot;2&quot;,&quot;classic_columns_mobile&quot;:&quot;1&quot;,&quot;classic_row_gap_tablet&quot;:{&quot;unit&quot;:&quot;px&quot;,&quot;size&quot;:&quot;&quot;,&quot;sizes&quot;:[]},&quot;classic_row_gap_mobile&quot;:{&quot;unit&quot;:&quot;px&quot;,&quot;size&quot;:&quot;&quot;,&quot;sizes&quot;:[]}}\" data-widget_type=\"posts.classic\">\n\t\t\t\t<div class=\"elementor-widget-container\">\n\t\t\t\t\t\t\t<div class=\"elementor-posts-container elementor-posts elementor-posts--skin-classic elementor-grid\" role=\"list\">\n\t\t\t\t<article class=\"elementor-post elementor-grid-item post-42404 legal-news type-legal-news status-publish hentry\" role=\"listitem\">\n\t\t\t\t<div class=\"elementor-post__text\">\n\t\t\t\t<h2 class=\"elementor-post__title\">\n\t\t\t<a href=\"https:\/\/vigo-avocats.com\/en\/legal-news\/islam-hamdoune-publie-dans-dalloz-actualite-une-reflexion-sur-le-lobbying-vs-le-trafic-dinfluence\/\" >\n\t\t\t\tIslam Hamdoune publie dans Dalloz Actualit\u00e9 une r\u00e9flexion sur le lobbying vs le trafic d\u2019influence\t\t\t<\/a>\n\t\t<\/h2>\n\t\t\t\t<div class=\"elementor-post__meta-data\">\n\t\t\t\t\t<span class=\"elementor-post-author\">\n\t\t\tadmin_vigo\t\t<\/span>\n\t\t\t\t<span class=\"elementor-post-date\">\n\t\t\t15 April 2026\t\t<\/span>\n\t\t\t\t<\/div>\n\t\t\t\t<div class=\"elementor-post__excerpt\">\n\t\t\t<p>Islam Hamdoune, Avocate du cabinet VIGO, partage une r\u00e9flexion \u00e9clairante sur les zones grises entre l\u2019activit\u00e9 l\u00e9gitime d\u2019influence et la qualification p\u00e9nale, au c\u0153ur des<\/p>\n\t\t<\/div>\n\t\t\n\t\t<a class=\"elementor-post__read-more\" href=\"https:\/\/vigo-avocats.com\/en\/legal-news\/islam-hamdoune-publie-dans-dalloz-actualite-une-reflexion-sur-le-lobbying-vs-le-trafic-dinfluence\/\" aria-label=\"Read more about Islam Hamdoune publie dans Dalloz Actualit\u00e9 une r\u00e9flexion sur le lobbying vs le trafic d\u2019influence\" tabindex=\"-1\" >\n\t\t\tLire la suite\t\t<\/a>\n\n\t\t\t\t<\/div>\n\t\t\t\t<\/article>\n\t\t\t\t<article class=\"elementor-post elementor-grid-item post-42205 legal-news type-legal-news status-publish hentry\" role=\"listitem\">\n\t\t\t\t<div class=\"elementor-post__text\">\n\t\t\t\t<h2 class=\"elementor-post__title\">\n\t\t\t<a href=\"https:\/\/vigo-avocats.com\/en\/legal-news\/dalia-boudjellal-et-emmanuel-daoud-publient-dans-la-semaine-sociale-lamy-une-analyse-du-cadre-juridique-de-la-rse-entre-normes-internes-droit-positif-et-standards-internationaux\/\" >\n\t\t\t\tDalia Boudjellal et Emmanuel Daoud publient dans la Semaine sociale Lamy une analyse du cadre juridique de la RSE, entre normes internes, droit positif et standards internationaux\t\t\t<\/a>\n\t\t<\/h2>\n\t\t\t\t<div class=\"elementor-post__meta-data\">\n\t\t\t\t\t<span class=\"elementor-post-author\">\n\t\t\tEmmanuel Daoud and Dalia Boudjellal\t\t<\/span>\n\t\t\t\t<span class=\"elementor-post-date\">\n\t\t\t19 March 2026\t\t<\/span>\n\t\t\t\t<\/div>\n\t\t\t\t<div class=\"elementor-post__excerpt\">\n\t\t\t<p>Emmanuel Daoud et Dalia Boudjellal publient dans la Semaine sociale Lamy (n\u00b0 2175) une analyse consacr\u00e9e aux transformations contemporaines du droit de la responsabilit\u00e9 soci\u00e9tale<\/p>\n\t\t<\/div>\n\t\t\n\t\t<a class=\"elementor-post__read-more\" href=\"https:\/\/vigo-avocats.com\/en\/legal-news\/dalia-boudjellal-et-emmanuel-daoud-publient-dans-la-semaine-sociale-lamy-une-analyse-du-cadre-juridique-de-la-rse-entre-normes-internes-droit-positif-et-standards-internationaux\/\" aria-label=\"Read more about Dalia Boudjellal et Emmanuel Daoud publient dans la Semaine sociale Lamy une analyse du cadre juridique de la RSE, entre normes internes, droit positif et standards internationaux\" tabindex=\"-1\" >\n\t\t\tLire la suite\t\t<\/a>\n\n\t\t\t\t<\/div>\n\t\t\t\t<\/article>\n\t\t\t\t<article class=\"elementor-post elementor-grid-item post-41639 legal-news type-legal-news status-publish hentry categories_legal-news-protection-des-donnees-personnelles\" role=\"listitem\">\n\t\t\t\t<div class=\"elementor-post__text\">\n\t\t\t\t<h2 class=\"elementor-post__title\">\n\t\t\t<a href=\"https:\/\/vigo-avocats.com\/en\/legal-news\/semaine-sociale-lamy-du-9-fevrier-2026-jusquou-lemployeur-peut-il-aller-dans-levaluation-du-comportement-des-salaries-regards-croises-en-droit-social-et-protection-des\/\" >\n\t\t\t\tSemaine sociale Lamy du 9 f\u00e9vrier 2026 : &#8220;Jusqu\u2019o\u00f9 l\u2019employeur peut-il aller dans l\u2019\u00e9valuation du comportement des salari\u00e9s ? Regards crois\u00e9s en droit social et protection des donn\u00e9es \u00e0 caract\u00e8re personnel&#8221;\t\t\t<\/a>\n\t\t<\/h2>\n\t\t\t\t<div class=\"elementor-post__meta-data\">\n\t\t\t\t\t<span class=\"elementor-post-author\">\n\t\t\tadmin_vigo\t\t<\/span>\n\t\t\t\t<span class=\"elementor-post-date\">\n\t\t\t10 February 2026\t\t<\/span>\n\t\t\t\t<\/div>\n\t\t\t\t<div class=\"elementor-post__excerpt\">\n\t\t\t<p>Emmanuel Daoud et Flora Brac de la Perriere publient un article dans la revue Semaine sociale Lamy n\u00b0 2171 du 9 f\u00e9vrier 2026, intitul\u00e9 &#8220;Jusqu\u2019o\u00f9<\/p>\n\t\t<\/div>\n\t\t\n\t\t<a class=\"elementor-post__read-more\" href=\"https:\/\/vigo-avocats.com\/en\/legal-news\/semaine-sociale-lamy-du-9-fevrier-2026-jusquou-lemployeur-peut-il-aller-dans-levaluation-du-comportement-des-salaries-regards-croises-en-droit-social-et-protection-des\/\" aria-label=\"Read more about Semaine sociale Lamy du 9 f\u00e9vrier 2026 : &#8220;Jusqu\u2019o\u00f9 l\u2019employeur peut-il aller dans l\u2019\u00e9valuation du comportement des salari\u00e9s ? Regards crois\u00e9s en droit social et protection des donn\u00e9es \u00e0 caract\u00e8re personnel&#8221;\" tabindex=\"-1\" >\n\t\t\tLire la suite\t\t<\/a>\n\n\t\t\t\t<\/div>\n\t\t\t\t<\/article>\n\t\t\t\t<article class=\"elementor-post elementor-grid-item post-36216 legal-news type-legal-news status-publish hentry\" role=\"listitem\">\n\t\t\t\t<div class=\"elementor-post__text\">\n\t\t\t\t<h2 class=\"elementor-post__title\">\n\t\t\t<a href=\"https:\/\/vigo-avocats.com\/en\/legal-news\/emmanuel-daoud-et-dalia-boudjellal-publient-dans-la-semaine-sociale-lamy-une-analyse-de-larret-la-poste-c-sud-ptt-du-17-juin-2025-centree-sur-les-liens-entre-devoir-de-vigilance-et-di\/\" >\n\t\t\t\t\u00ab Emmanuel Daoud et Dalia Boudjellal publient dans la Semaine sociale Lamy une analyse de l\u2019arr\u00eat La Poste c. Sud PTT du 17 juin 2025 centr\u00e9e sur les liens entre devoir de vigilance et dialogue social\t\t\t<\/a>\n\t\t<\/h2>\n\t\t\t\t<div class=\"elementor-post__meta-data\">\n\t\t\t\t\t<span class=\"elementor-post-author\">\n\t\t\tEmmanuel Daoud and Dalia Boudjellal\t\t<\/span>\n\t\t\t\t<span class=\"elementor-post-date\">\n\t\t\t7 October 2025\t\t<\/span>\n\t\t\t\t<\/div>\n\t\t\t\t<div class=\"elementor-post__excerpt\">\n\t\t\t<p>La Semaine sociale Lamy n\u00b02154 du 6 octobre 2025 publie un article intitul\u00e9 : \u00ab Le devoir de vigilance \u00e0 l\u2019\u00e9preuve du dialogue social :<\/p>\n\t\t<\/div>\n\t\t\n\t\t<a class=\"elementor-post__read-more\" href=\"https:\/\/vigo-avocats.com\/en\/legal-news\/emmanuel-daoud-et-dalia-boudjellal-publient-dans-la-semaine-sociale-lamy-une-analyse-de-larret-la-poste-c-sud-ptt-du-17-juin-2025-centree-sur-les-liens-entre-devoir-de-vigilance-et-di\/\" aria-label=\"Read more about \u00ab Emmanuel Daoud et Dalia Boudjellal publient dans la Semaine sociale Lamy une analyse de l\u2019arr\u00eat La Poste c. Sud PTT du 17 juin 2025 centr\u00e9e sur les liens entre devoir de vigilance et dialogue social\" tabindex=\"-1\" >\n\t\t\tLire la suite\t\t<\/a>\n\n\t\t\t\t<\/div>\n\t\t\t\t<\/article>\n\t\t\t\t<article class=\"elementor-post elementor-grid-item post-35664 legal-news type-legal-news status-publish hentry\" role=\"listitem\">\n\t\t\t\t<div class=\"elementor-post__text\">\n\t\t\t\t<h2 class=\"elementor-post__title\">\n\t\t\t<a href=\"https:\/\/vigo-avocats.com\/en\/legal-news\/charte-de-lenvironnement-et-droits-humains-une-protection-encore-imparfaite-qui-doit-etre-consolidee\/\" >\n\t\t\t\tCharte de l\u2019environnement et droits humains : une protection encore imparfaite qui doit \u00eatre consolid\u00e9e\t\t\t<\/a>\n\t\t<\/h2>\n\t\t\t\t<div class=\"elementor-post__meta-data\">\n\t\t\t\t\t<span class=\"elementor-post-author\">\n\t\t\tEmmanuel Daoud and Morgane Fouillen\t\t<\/span>\n\t\t\t\t<span class=\"elementor-post-date\">\n\t\t\t17 July 2025\t\t<\/span>\n\t\t\t\t<\/div>\n\t\t\t\t<div class=\"elementor-post__excerpt\">\n\t\t\t<p>Dans un article publi\u00e9 dans la Revue LexisNexis Energie-Environnement-Infrastructures, Emmanuel Daoud et Morgane Fouillen explorent les liens entre Charte de l\u2019environnement et droits humains. Cette<\/p>\n\t\t<\/div>\n\t\t\n\t\t<a class=\"elementor-post__read-more\" href=\"https:\/\/vigo-avocats.com\/en\/legal-news\/charte-de-lenvironnement-et-droits-humains-une-protection-encore-imparfaite-qui-doit-etre-consolidee\/\" aria-label=\"Read more about Charte de l\u2019environnement et droits humains : une protection encore imparfaite qui doit \u00eatre consolid\u00e9e\" tabindex=\"-1\" >\n\t\t\tLire la suite\t\t<\/a>\n\n\t\t\t\t<\/div>\n\t\t\t\t<\/article>\n\t\t\t\t<article class=\"elementor-post elementor-grid-item post-35659 legal-news type-legal-news status-publish hentry\" role=\"listitem\">\n\t\t\t\t<div class=\"elementor-post__text\">\n\t\t\t\t<h2 class=\"elementor-post__title\">\n\t\t\t<a href=\"https:\/\/vigo-avocats.com\/en\/legal-news\/emmanuel-daoud-et-dalia-boudjellal-publient-dans-dalloz-actualite-une-analyse-de-larret-rendu-le-17-juin-2025-par-la-chambre-specialisee-de-la-cour-dappel-de-paris-en-matiere-de-devo\/\" >\n\t\t\t\tEmmanuel Daoud et Dalia Boudjellal publient dans Dalloz Actualit\u00e9 une analyse de l\u2019arr\u00eat rendu le 17 juin 2025 par la chambre sp\u00e9cialis\u00e9e de la Cour d\u2019appel de Paris en mati\u00e8re de devoir de vigilance\t\t\t<\/a>\n\t\t<\/h2>\n\t\t\t\t<div class=\"elementor-post__meta-data\">\n\t\t\t\t\t<span class=\"elementor-post-author\">\n\t\t\tEmmanuel Daoud and Dalia Boudjellal\t\t<\/span>\n\t\t\t\t<span class=\"elementor-post-date\">\n\t\t\t17 July 2025\t\t<\/span>\n\t\t\t\t<\/div>\n\t\t\t\t<div class=\"elementor-post__excerpt\">\n\t\t\t<p>Le 17 juin 2025, la chambre sp\u00e9cialis\u00e9e de la Cour d\u2019appel de Paris a confirm\u00e9 la d\u00e9cision rendue en premi\u00e8re instance dans l\u2019affaire opposant La<\/p>\n\t\t<\/div>\n\t\t\n\t\t<a class=\"elementor-post__read-more\" href=\"https:\/\/vigo-avocats.com\/en\/legal-news\/emmanuel-daoud-et-dalia-boudjellal-publient-dans-dalloz-actualite-une-analyse-de-larret-rendu-le-17-juin-2025-par-la-chambre-specialisee-de-la-cour-dappel-de-paris-en-matiere-de-devo\/\" aria-label=\"Read more about Emmanuel Daoud et Dalia Boudjellal publient dans Dalloz Actualit\u00e9 une analyse de l\u2019arr\u00eat rendu le 17 juin 2025 par la chambre sp\u00e9cialis\u00e9e de la Cour d\u2019appel de Paris en mati\u00e8re de devoir de vigilance\" tabindex=\"-1\" >\n\t\t\tLire la suite\t\t<\/a>\n\n\t\t\t\t<\/div>\n\t\t\t\t<\/article>\n\t\t\t\t<article class=\"elementor-post elementor-grid-item post-41611 legal-news type-legal-news status-publish hentry\" role=\"listitem\">\n\t\t\t\t<div class=\"elementor-post__text\">\n\t\t\t\t<h2 class=\"elementor-post__title\">\n\t\t\t<a href=\"https:\/\/vigo-avocats.com\/en\/legal-news\/aj-penal-lexercice-des-droits-de-la-defense-clef-de-voute-de-lopposabilite-du-secret-professionnel-de-lavocat-variations-sur-le-meme-theme\/\" >\n\t\t\t\tAJ P\u00e9nal : l&#8217;exercice des droits de la d\u00e9fense, clef de vo\u00fbte de l&#8217;opposabilit\u00e9 du secret professionnel de l&#8217;avocat : variations sur le m\u00eame th\u00e8me\t\t\t<\/a>\n\t\t<\/h2>\n\t\t\t\t<div class=\"elementor-post__meta-data\">\n\t\t\t\t\t<span class=\"elementor-post-author\">\n\t\t\tEmmanuel Mercinier and Valentin Rigamonti\t\t<\/span>\n\t\t\t\t<span class=\"elementor-post-date\">\n\t\t\t25 May 2025\t\t<\/span>\n\t\t\t\t<\/div>\n\t\t\t\t<div class=\"elementor-post__excerpt\">\n\t\t\t<p>Dans un article publi\u00e9 dans l&#8217;AJ P\u00e9nal de mai 2025, Emmanuel\u00a0 Mercinier-Pantalacci et Valentin Rigamonti du cabinet Vigo explorent\u00a0 l&#8217;exercice des droits de la d\u00e9fense,<\/p>\n\t\t<\/div>\n\t\t\n\t\t<a class=\"elementor-post__read-more\" href=\"https:\/\/vigo-avocats.com\/en\/legal-news\/aj-penal-lexercice-des-droits-de-la-defense-clef-de-voute-de-lopposabilite-du-secret-professionnel-de-lavocat-variations-sur-le-meme-theme\/\" aria-label=\"Read more about AJ P\u00e9nal : l&#8217;exercice des droits de la d\u00e9fense, clef de vo\u00fbte de l&#8217;opposabilit\u00e9 du secret professionnel de l&#8217;avocat : variations sur le m\u00eame th\u00e8me\" tabindex=\"-1\" >\n\t\t\tLire la suite\t\t<\/a>\n\n\t\t\t\t<\/div>\n\t\t\t\t<\/article>\n\t\t\t\t<article class=\"elementor-post elementor-grid-item post-34687 legal-news type-legal-news status-publish hentry\" role=\"listitem\">\n\t\t\t\t<div class=\"elementor-post__text\">\n\t\t\t\t<h2 class=\"elementor-post__title\">\n\t\t\t<a href=\"https:\/\/vigo-avocats.com\/en\/legal-news\/emmanuel-daoud-dalia-boudjellal-flora-brac-de-la-perriere-et-ghita-khalid-rouissi-cosignent-un-dossier-compliance-dans-la-rlda-du-mois-de-mars\/\" >\n\t\t\t\tEmmanuel Daoud, Dalia Boudjellal, Flora Brac de la Perri\u00e8re et Ghita Khalid Rouissi cosignent un dossier compliance dans la RLDA du mois de mars\t\t\t<\/a>\n\t\t<\/h2>\n\t\t\t\t<div class=\"elementor-post__meta-data\">\n\t\t\t\t\t<span class=\"elementor-post-author\">\n\t\t\tEmmanuel Daoud, Dalia Boudjellal, Flora Brac de la Perri\u00e8re and Ghita Khaldi-Rouissi\t\t<\/span>\n\t\t\t\t<span class=\"elementor-post-date\">\n\t\t\t13 March 2025\t\t<\/span>\n\t\t\t\t<\/div>\n\t\t\t\t<div class=\"elementor-post__excerpt\">\n\t\t\t<p>Face \u00e0 l\u2019\u00e9volution constante du cadre r\u00e9glementaire, les entreprises doivent concilier mise en conformit\u00e9 rigoureuse et optimisation des efforts d\u00e9ploy\u00e9s. Ce dossier explore les enjeux<\/p>\n\t\t<\/div>\n\t\t\n\t\t<a class=\"elementor-post__read-more\" href=\"https:\/\/vigo-avocats.com\/en\/legal-news\/emmanuel-daoud-dalia-boudjellal-flora-brac-de-la-perriere-et-ghita-khalid-rouissi-cosignent-un-dossier-compliance-dans-la-rlda-du-mois-de-mars\/\" aria-label=\"Read more about Emmanuel Daoud, Dalia Boudjellal, Flora Brac de la Perri\u00e8re et Ghita Khalid Rouissi cosignent un dossier compliance dans la RLDA du mois de mars\" tabindex=\"-1\" >\n\t\t\tLire la suite\t\t<\/a>\n\n\t\t\t\t<\/div>\n\t\t\t\t<\/article>\n\t\t\t\t<article class=\"elementor-post elementor-grid-item post-41578 legal-news type-legal-news status-publish hentry\" role=\"listitem\">\n\t\t\t\t<div class=\"elementor-post__text\">\n\t\t\t\t<h2 class=\"elementor-post__title\">\n\t\t\t<a href=\"https:\/\/vigo-avocats.com\/en\/legal-news\/aj-penal-la-chambre-de-linstruction-ou-plaider-par-la-face-nord\/\" >\n\t\t\t\tAJ P\u00e9nal : la chambre de l&#8217;instruction ou plaider par la face Nord\t\t\t<\/a>\n\t\t<\/h2>\n\t\t\t\t<div class=\"elementor-post__meta-data\">\n\t\t\t\t\t<span class=\"elementor-post-author\">\n\t\t\tEmmanuel Mercinier and Margot Pugliese\t\t<\/span>\n\t\t\t\t<span class=\"elementor-post-date\">\n\t\t\t25 February 2025\t\t<\/span>\n\t\t\t\t<\/div>\n\t\t\t\t<div class=\"elementor-post__excerpt\">\n\t\t\t<p>L&#8217;AJ PENAL de f\u00e9vrier 2025 publie un entretien d&#8217;Emmanuel Mercinier-Pantalacci du cabinet Vigo et de Margot Pugliese du cabinet Le 52 sur la chambre de<\/p>\n\t\t<\/div>\n\t\t\n\t\t<a class=\"elementor-post__read-more\" href=\"https:\/\/vigo-avocats.com\/en\/legal-news\/aj-penal-la-chambre-de-linstruction-ou-plaider-par-la-face-nord\/\" aria-label=\"Read more about AJ P\u00e9nal : la chambre de l&#8217;instruction ou plaider par la face Nord\" tabindex=\"-1\" >\n\t\t\tLire la suite\t\t<\/a>\n\n\t\t\t\t<\/div>\n\t\t\t\t<\/article>\n\t\t\t\t<article class=\"elementor-post elementor-grid-item post-34446 legal-news type-legal-news status-publish hentry\" role=\"listitem\">\n\t\t\t\t<div class=\"elementor-post__text\">\n\t\t\t\t<h2 class=\"elementor-post__title\">\n\t\t\t<a href=\"https:\/\/vigo-avocats.com\/en\/legal-news\/revue-lamy-jurisprudence-sociale-le-manquement-de-lemployeur-a-son-obligation-devaluer-un-avantage-en-nature-peut-etre-constitutif-dune-dissimulation-volontaire-demploi-salarie\/\" >\n\t\t\t\tRevue Lamy Jurisprudence sociale : le manquement de l&#8217;employeur \u00e0 son obligation d&#8217;\u00e9valuer un avantage en nature peut \u00eatre constitutif d&#8217;une dissimulation volontaire d&#8217;emploi salari\u00e9\t\t\t<\/a>\n\t\t<\/h2>\n\t\t\t\t<div class=\"elementor-post__meta-data\">\n\t\t\t\t\t<span class=\"elementor-post-author\">\n\t\t\tEmmanuel Daoud and Morgane Fouillen\t\t<\/span>\n\t\t\t\t<span class=\"elementor-post-date\">\n\t\t\t17 February 2025\t\t<\/span>\n\t\t\t\t<\/div>\n\t\t\t\t<div class=\"elementor-post__excerpt\">\n\t\t\t<p>Dans un article publi\u00e9 dans le dernier num\u00e9ro de la Revue Lamy de Jurisprudence sociale, Emmanuel DAOUD et Morgane FOUILLEN reviennent sur le champ d\u2019application<\/p>\n\t\t<\/div>\n\t\t\n\t\t<a class=\"elementor-post__read-more\" href=\"https:\/\/vigo-avocats.com\/en\/legal-news\/revue-lamy-jurisprudence-sociale-le-manquement-de-lemployeur-a-son-obligation-devaluer-un-avantage-en-nature-peut-etre-constitutif-dune-dissimulation-volontaire-demploi-salarie\/\" aria-label=\"Read more about Revue Lamy Jurisprudence sociale : le manquement de l&#8217;employeur \u00e0 son obligation d&#8217;\u00e9valuer un avantage en nature peut \u00eatre constitutif d&#8217;une dissimulation volontaire d&#8217;emploi salari\u00e9\" tabindex=\"-1\" >\n\t\t\tLire la suite\t\t<\/a>\n\n\t\t\t\t<\/div>\n\t\t\t\t<\/article>\n\t\t\t\t<\/div>\n\t\t\n\t\t\t\t<div class=\"e-load-more-anchor\" data-page=\"1\" data-max-page=\"52\" data-next-page=\"https:\/\/vigo-avocats.com\/en\/wp-json\/wp\/v2\/pages\/18846\/page\/2\/\"><\/div>\n\t\t\t\t<nav class=\"elementor-pagination\" aria-label=\"Pagination\">\n\t\t\t<span class=\"page-numbers prev\">Pr\u00e9c\u00e9dent<\/span>\n<span aria-current=\"page\" class=\"page-numbers current\"><span class=\"elementor-screen-only\">Page<\/span>1<\/span>\n<a class=\"page-numbers\" href=\"https:\/\/vigo-avocats.com\/en\/wp-json\/wp\/v2\/pages\/18846\/page\/2\/\"><span class=\"elementor-screen-only\">Page<\/span>2<\/a>\n<a class=\"page-numbers\" href=\"https:\/\/vigo-avocats.com\/en\/wp-json\/wp\/v2\/pages\/18846\/page\/3\/\"><span class=\"elementor-screen-only\">Page<\/span>3<\/a>\n<span class=\"page-numbers dots\">&hellip;<\/span>\n<a class=\"page-numbers\" href=\"https:\/\/vigo-avocats.com\/en\/wp-json\/wp\/v2\/pages\/18846\/page\/52\/\"><span class=\"elementor-screen-only\">Page<\/span>52<\/a>\n<a class=\"page-numbers next\" href=\"https:\/\/vigo-avocats.com\/en\/wp-json\/wp\/v2\/pages\/18846\/page\/2\/\">Suivant<\/a>\t\t<\/nav>\n\t\t\t\t\t\t<\/div>\n\t\t\t\t<\/div>\n\t\t\t\t\t<\/div>\n\t\t<\/div>\n\t\t\t\t\t<\/div>\n\t\t<\/section>\n\t\t\t\t<\/div>\n\t\t","protected":false},"excerpt":{"rendered":"<p>Our publications<\/p>\n","protected":false},"author":87,"featured_media":0,"parent":18842,"menu_order":0,"comment_status":"closed","ping_status":"closed","template":"","meta":{"_acf_changed":false,"footnotes":""},"coauthors":[375],"class_list":["post-18846","page","type-page","status-publish","hentry"],"acf":[],"yoast_head":"<!-- This site is optimized with the Yoast SEO plugin v26.8 - https:\/\/yoast.com\/product\/yoast-seo-wordpress\/ -->\n<title>Publications - Vigo<\/title>\n<meta name=\"robots\" content=\"index, follow, max-snippet:-1, max-image-preview:large, max-video-preview:-1\" \/>\n<link rel=\"canonical\" href=\"https:\/\/vigo-avocats.com\/en\/all-news\/publications\/\" \/>\n<meta property=\"og:locale\" content=\"en_US\" \/>\n<meta property=\"og:type\" content=\"article\" \/>\n<meta property=\"og:title\" content=\"Publications - Vigo\" \/>\n<meta property=\"og:description\" content=\"Our publications\" \/>\n<meta property=\"og:url\" content=\"https:\/\/vigo-avocats.com\/en\/all-news\/publications\/\" \/>\n<meta property=\"og:site_name\" content=\"Vigo\" \/>\n<meta property=\"article:modified_time\" content=\"2021-03-01T11:45:01+00:00\" \/>\n<meta name=\"twitter:label1\" content=\"Est. reading time\" \/>\n\t<meta name=\"twitter:data1\" content=\"3 minutes\" \/>\n\t<meta name=\"twitter:label2\" content=\"Written by\" \/>\n\t<meta name=\"twitter:data2\" content=\"Emmanuel Daoud, Morgane Fouillen\" \/>\n<script type=\"application\/ld+json\" class=\"yoast-schema-graph\">{\"@context\":\"https:\/\/schema.org\",\"@graph\":[{\"@type\":\"WebPage\",\"@id\":\"https:\/\/vigo-avocats.com\/en\/all-news\/publications\/\",\"url\":\"https:\/\/vigo-avocats.com\/en\/all-news\/publications\/\",\"name\":\"Publications - Vigo\",\"isPartOf\":{\"@id\":\"https:\/\/vigo-avocats.com\/en\/#website\"},\"datePublished\":\"2021-02-23T10:23:40+00:00\",\"dateModified\":\"2021-03-01T11:45:01+00:00\",\"breadcrumb\":{\"@id\":\"https:\/\/vigo-avocats.com\/en\/all-news\/publications\/#breadcrumb\"},\"inLanguage\":\"en-US\",\"potentialAction\":[{\"@type\":\"ReadAction\",\"target\":[\"https:\/\/vigo-avocats.com\/en\/all-news\/publications\/\"]}]},{\"@type\":\"BreadcrumbList\",\"@id\":\"https:\/\/vigo-avocats.com\/en\/all-news\/publications\/#breadcrumb\",\"itemListElement\":[{\"@type\":\"ListItem\",\"position\":1,\"name\":\"Accueil\",\"item\":\"https:\/\/vigo-avocats.com\/en\/\"},{\"@type\":\"ListItem\",\"position\":2,\"name\":\"All news\",\"item\":\"https:\/\/vigo-avocats.com\/en\/all-news\/\"},{\"@type\":\"ListItem\",\"position\":3,\"name\":\"Publications\"}]},{\"@type\":\"WebSite\",\"@id\":\"https:\/\/vigo-avocats.com\/en\/#website\",\"url\":\"https:\/\/vigo-avocats.com\/en\/\",\"name\":\"Vigo\",\"description\":\"Cabinet d&#039;avocats\",\"potentialAction\":[{\"@type\":\"SearchAction\",\"target\":{\"@type\":\"EntryPoint\",\"urlTemplate\":\"https:\/\/vigo-avocats.com\/en\/?s={search_term_string}\"},\"query-input\":{\"@type\":\"PropertyValueSpecification\",\"valueRequired\":true,\"valueName\":\"search_term_string\"}}],\"inLanguage\":\"en-US\"}]}<\/script>\n<!-- \/ Yoast SEO plugin. -->","yoast_head_json":{"title":"Publications - Vigo","robots":{"index":"index","follow":"follow","max-snippet":"max-snippet:-1","max-image-preview":"max-image-preview:large","max-video-preview":"max-video-preview:-1"},"canonical":"https:\/\/vigo-avocats.com\/en\/all-news\/publications\/","og_locale":"en_US","og_type":"article","og_title":"Publications - Vigo","og_description":"Our publications","og_url":"https:\/\/vigo-avocats.com\/en\/all-news\/publications\/","og_site_name":"Vigo","article_modified_time":"2021-03-01T11:45:01+00:00","twitter_misc":{"Est. reading time":"3 minutes","Written by":"Emmanuel Daoud, Morgane Fouillen"},"schema":{"@context":"https:\/\/schema.org","@graph":[{"@type":"WebPage","@id":"https:\/\/vigo-avocats.com\/en\/all-news\/publications\/","url":"https:\/\/vigo-avocats.com\/en\/all-news\/publications\/","name":"Publications - Vigo","isPartOf":{"@id":"https:\/\/vigo-avocats.com\/en\/#website"},"datePublished":"2021-02-23T10:23:40+00:00","dateModified":"2021-03-01T11:45:01+00:00","breadcrumb":{"@id":"https:\/\/vigo-avocats.com\/en\/all-news\/publications\/#breadcrumb"},"inLanguage":"en-US","potentialAction":[{"@type":"ReadAction","target":["https:\/\/vigo-avocats.com\/en\/all-news\/publications\/"]}]},{"@type":"BreadcrumbList","@id":"https:\/\/vigo-avocats.com\/en\/all-news\/publications\/#breadcrumb","itemListElement":[{"@type":"ListItem","position":1,"name":"Accueil","item":"https:\/\/vigo-avocats.com\/en\/"},{"@type":"ListItem","position":2,"name":"All news","item":"https:\/\/vigo-avocats.com\/en\/all-news\/"},{"@type":"ListItem","position":3,"name":"Publications"}]},{"@type":"WebSite","@id":"https:\/\/vigo-avocats.com\/en\/#website","url":"https:\/\/vigo-avocats.com\/en\/","name":"Vigo","description":"Cabinet d&#039;avocats","potentialAction":[{"@type":"SearchAction","target":{"@type":"EntryPoint","urlTemplate":"https:\/\/vigo-avocats.com\/en\/?s={search_term_string}"},"query-input":{"@type":"PropertyValueSpecification","valueRequired":true,"valueName":"search_term_string"}}],"inLanguage":"en-US"}]}},"_links":{"self":[{"href":"https:\/\/vigo-avocats.com\/en\/wp-json\/wp\/v2\/pages\/18846","targetHints":{"allow":["GET"]}}],"collection":[{"href":"https:\/\/vigo-avocats.com\/en\/wp-json\/wp\/v2\/pages"}],"about":[{"href":"https:\/\/vigo-avocats.com\/en\/wp-json\/wp\/v2\/types\/page"}],"author":[{"embeddable":true,"href":"https:\/\/vigo-avocats.com\/en\/wp-json\/wp\/v2\/users\/87"}],"replies":[{"embeddable":true,"href":"https:\/\/vigo-avocats.com\/en\/wp-json\/wp\/v2\/comments?post=18846"}],"version-history":[{"count":15,"href":"https:\/\/vigo-avocats.com\/en\/wp-json\/wp\/v2\/pages\/18846\/revisions"}],"predecessor-version":[{"id":19168,"href":"https:\/\/vigo-avocats.com\/en\/wp-json\/wp\/v2\/pages\/18846\/revisions\/19168"}],"up":[{"embeddable":true,"href":"https:\/\/vigo-avocats.com\/en\/wp-json\/wp\/v2\/pages\/18842"}],"wp:attachment":[{"href":"https:\/\/vigo-avocats.com\/en\/wp-json\/wp\/v2\/media?parent=18846"}],"wp:term":[{"taxonomy":"author","embeddable":true,"href":"https:\/\/vigo-avocats.com\/en\/wp-json\/wp\/v2\/coauthors?post=18846"}],"curies":[{"name":"wp","href":"https:\/\/api.w.org\/{rel}","templated":true}]}}